{"id":682,"date":"2019-05-29T09:44:38","date_gmt":"2019-05-29T07:44:38","guid":{"rendered":"https:\/\/www.mariaheim.org\/?page_id=682"},"modified":"2024-09-20T09:48:37","modified_gmt":"2024-09-20T07:48:37","slug":"unser-angebot","status":"publish","type":"page","link":"https:\/\/www.mariaheim.org\/it\/unser-angebot","title":{"rendered":"Le sale"},"content":{"rendered":"<p><div class=\"fusion-fullwidth fullwidth-box fusion-builder-row-1 nonhundred-percent-fullwidth non-hundred-percent-height-scrolling\" style=\"background-color: rgba(255,255,255,0);background-position: center center;background-repeat: no-repeat;padding-top:0px;padding-right:0px;padding-bottom:0px;padding-left:0px;margin-bottom: 0px;margin-top: 0px;border-width: 0px 0px 0px 0px;border-color:#eae9e9;border-style:solid;\" ><div class=\"fusion-builder-row fusion-row\"><div class=\"fusion-layout-column fusion_builder_column fusion-builder-column-0 fusion_builder_column_1_1 1_1 fusion-one-full fusion-column-first fusion-column-last\" style=\"margin-top:0px;margin-bottom:0px;\"><div class=\"fusion-column-wrapper fusion-flex-column-wrapper-legacy\" style=\"background-position:left top;background-repeat:no-repeat;-webkit-background-size:cover;-moz-background-size:cover;-o-background-size:cover;background-size:cover;padding: 0px 0px 0px 0px;\"><div class=\"fusion-text fusion-text-1\" style=\"transform:translate3d(0,0,0);\"><div class=\"csc-header csc-header-n1\">\n<h1 class=\"csc-firstHeader\">Le sale<\/h1>\n<\/div>\n<p class=\"bodytext\">I locali possono essere affittati da associazioni, federazioni e anche da privati dietro pagamento di un canone d&#8217;affitto adeguato per diversi incontri, in particolare conferenze, seminari e incontri di formazione.<\/p>\n<\/div><div class=\"fusion-clearfix\"><\/div><\/div><\/div><\/div><\/div><div class=\"fusion-fullwidth fullwidth-box fusion-builder-row-2 nonhundred-percent-fullwidth non-hundred-percent-height-scrolling\" style=\"background-color: rgba(255,255,255,0);background-position: center center;background-repeat: no-repeat;padding-top:0px;padding-right:0px;padding-bottom:0px;padding-left:0px;margin-bottom: 0px;margin-top: 0px;border-width: 0px 0px 0px 0px;border-color:#eae9e9;border-style:solid;\" ><div class=\"fusion-builder-row fusion-row\"><div class=\"fusion-layout-column fusion_builder_column fusion-builder-column-1 fusion_builder_column_1_4 1_4 fusion-one-fourth fusion-column-first\" style=\"width:25%;width:calc(25% - ( ( 4% ) * 0.25 ) );margin-right: 4%;margin-top:0px;margin-bottom:20px;\"><div class=\"fusion-column-wrapper fusion-flex-column-wrapper-legacy\" style=\"background-position:left top;background-repeat:no-repeat;-webkit-background-size:cover;-moz-background-size:cover;-o-background-size:cover;background-size:cover;padding: 0px 0px 0px 0px;\"><span class=\" fusion-imageframe imageframe-none imageframe-1 hover-type-zoomin\"><a href=\"http:\/\/www.mariaheim.org\/wp-content\/uploads\/benvenuti-mariaheim-bolzano9.jpg\" class=\"fusion-lightbox\" data-rel=\"iLightbox[e457cab98b091d3a44c]\" data-caption=\"Sala 1 Sala Grande\" data-title=\"Sala 1 Sala Grande\" title=\"Sala 1 Sala Grande\"><img decoding=\"async\" width=\"300\" height=\"225\" src=\"http:\/\/www.mariaheim.org\/wp-content\/uploads\/benvenuti-mariaheim-bolzano9-300x225.jpg\" class=\"img-responsive wp-image-51\" srcset=\"https:\/\/www.mariaheim.org\/wp-content\/uploads\/benvenuti-mariaheim-bolzano9-200x150.jpg 200w, https:\/\/www.mariaheim.org\/wp-content\/uploads\/benvenuti-mariaheim-bolzano9-400x300.jpg 400w, https:\/\/www.mariaheim.org\/wp-content\/uploads\/benvenuti-mariaheim-bolzano9-600x451.jpg 600w, https:\/\/www.mariaheim.org\/wp-content\/uploads\/benvenuti-mariaheim-bolzano9.jpg 719w\" sizes=\"(max-width: 800px) 100vw, 400px\" \/><\/a><\/span><div class=\"fusion-clearfix\"><\/div><\/div><\/div><div class=\"fusion-layout-column fusion_builder_column fusion-builder-column-2 fusion_builder_column_3_4 3_4 fusion-three-fourth fusion-column-last\" style=\"width:75%;width:calc(75% - ( ( 4% ) * 0.75 ) );margin-top:0px;margin-bottom:20px;\"><div class=\"fusion-column-wrapper fusion-flex-column-wrapper-legacy\" style=\"background-position:left top;background-repeat:no-repeat;-webkit-background-size:cover;-moz-background-size:cover;-o-background-size:cover;background-size:cover;padding: 0px 0px 0px 0px;\"><div class=\"fusion-text fusion-text-2\" style=\"transform:translate3d(0,0,0);\"><div class=\"csc-textpicHeader csc-textpicHeader-26\">\n<h1>Sala 1<\/h1>\n<\/div>\n<p class=\"bodytext\">la sala grande si adatta a diverse manifestazioni con una capienza massima di <strong>50 persone<\/strong><\/p>\n<\/div><div class=\"fusion-clearfix\"><\/div><\/div><\/div><\/div><\/div><div class=\"fusion-fullwidth fullwidth-box fusion-builder-row-3 nonhundred-percent-fullwidth non-hundred-percent-height-scrolling\" style=\"background-color: rgba(255,255,255,0);background-position: center center;background-repeat: no-repeat;padding-top:0px;padding-right:0px;padding-bottom:0px;padding-left:0px;margin-bottom: 0px;margin-top: 0px;border-width: 0px 0px 0px 0px;border-color:#eae9e9;border-style:solid;\" ><div class=\"fusion-builder-row fusion-row\"><div class=\"fusion-layout-column fusion_builder_column fusion-builder-column-3 fusion_builder_column_1_4 1_4 fusion-one-fourth fusion-column-first\" style=\"width:25%;width:calc(25% - ( ( 4% ) * 0.25 ) );margin-right: 4%;margin-top:0px;margin-bottom:20px;\"><div class=\"fusion-column-wrapper fusion-flex-column-wrapper-legacy\" style=\"background-position:left top;background-repeat:no-repeat;-webkit-background-size:cover;-moz-background-size:cover;-o-background-size:cover;background-size:cover;padding: 0px 0px 0px 0px;\"><span class=\" fusion-imageframe imageframe-none imageframe-2 hover-type-zoomin\"><a href=\"http:\/\/www.mariaheim.org\/wp-content\/uploads\/unsere-angebot.jpg\" class=\"fusion-lightbox\" data-rel=\"iLightbox[cf2e5f71700578ab73c]\" data-caption=\"Sala 3 Sala piccola\" data-title=\"Sala 3 Sala piccola\" title=\"Sala 3 Sala piccola\"><img decoding=\"async\" width=\"300\" height=\"225\" src=\"http:\/\/www.mariaheim.org\/wp-content\/uploads\/unsere-angebot-300x225.jpg\" class=\"img-responsive wp-image-112\" srcset=\"https:\/\/www.mariaheim.org\/wp-content\/uploads\/unsere-angebot-200x150.jpg 200w, https:\/\/www.mariaheim.org\/wp-content\/uploads\/unsere-angebot-400x300.jpg 400w, https:\/\/www.mariaheim.org\/wp-content\/uploads\/unsere-angebot-600x450.jpg 600w, https:\/\/www.mariaheim.org\/wp-content\/uploads\/unsere-angebot-800x600.jpg 800w, https:\/\/www.mariaheim.org\/wp-content\/uploads\/unsere-angebot-1200x900.jpg 1200w, https:\/\/www.mariaheim.org\/wp-content\/uploads\/unsere-angebot.jpg 1280w\" sizes=\"(max-width: 800px) 100vw, 400px\" \/><\/a><\/span><div class=\"fusion-clearfix\"><\/div><\/div><\/div><div class=\"fusion-layout-column fusion_builder_column fusion-builder-column-4 fusion_builder_column_3_4 3_4 fusion-three-fourth fusion-column-last\" style=\"width:75%;width:calc(75% - ( ( 4% ) * 0.75 ) );margin-top:0px;margin-bottom:20px;\"><div class=\"fusion-column-wrapper fusion-flex-column-wrapper-legacy\" style=\"background-position:left top;background-repeat:no-repeat;-webkit-background-size:cover;-moz-background-size:cover;-o-background-size:cover;background-size:cover;padding: 0px 0px 0px 0px;\"><div class=\"fusion-text fusion-text-3\" style=\"transform:translate3d(0,0,0);\"><div class=\"csc-textpicHeader csc-textpicHeader-26\">\n<h1>Sala 3<\/h1>\n<\/div>\n<p class=\"bodytext\">piccola sala per riunioni con ca. <strong>10 persone<\/strong><\/p>\n<\/div><div class=\"fusion-clearfix\"><\/div><\/div><\/div><\/div><\/div><div class=\"fusion-fullwidth fullwidth-box fusion-builder-row-4 nonhundred-percent-fullwidth non-hundred-percent-height-scrolling\" style=\"background-color: rgba(255,255,255,0);background-position: center center;background-repeat: no-repeat;padding-top:0px;padding-right:0px;padding-bottom:0px;padding-left:0px;margin-bottom: 0px;margin-top: 0px;border-width: 0px 0px 0px 0px;border-color:#eae9e9;border-style:solid;\" ><div class=\"fusion-builder-row fusion-row\"><div class=\"fusion-layout-column fusion_builder_column fusion-builder-column-5 fusion_builder_column_1_4 1_4 fusion-one-fourth fusion-column-first\" style=\"width:25%;width:calc(25% - ( ( 4% ) * 0.25 ) );margin-right: 4%;margin-top:0px;margin-bottom:20px;\"><div class=\"fusion-column-wrapper fusion-flex-column-wrapper-legacy\" style=\"background-position:left top;background-repeat:no-repeat;-webkit-background-size:cover;-moz-background-size:cover;-o-background-size:cover;background-size:cover;padding: 0px 0px 0px 0px;\"><span class=\" fusion-imageframe imageframe-none imageframe-3 hover-type-zoomin\"><a href=\"http:\/\/www.mariaheim.org\/wp-content\/uploads\/benvenuti-mariaheim-bolzano10.jpg\" class=\"fusion-lightbox\" data-rel=\"iLightbox[a87e23ad04da399ab1a]\" data-caption=\"Sala 5 Sala media\" data-title=\"Sala 5 Sala media\" title=\"Sala 5 Sala media\"><img decoding=\"async\" width=\"300\" height=\"225\" src=\"http:\/\/www.mariaheim.org\/wp-content\/uploads\/benvenuti-mariaheim-bolzano10-300x225.jpg\" class=\"img-responsive wp-image-52\" srcset=\"https:\/\/www.mariaheim.org\/wp-content\/uploads\/benvenuti-mariaheim-bolzano10-200x150.jpg 200w, https:\/\/www.mariaheim.org\/wp-content\/uploads\/benvenuti-mariaheim-bolzano10-400x300.jpg 400w, https:\/\/www.mariaheim.org\/wp-content\/uploads\/benvenuti-mariaheim-bolzano10-600x451.jpg 600w, https:\/\/www.mariaheim.org\/wp-content\/uploads\/benvenuti-mariaheim-bolzano10.jpg 719w\" sizes=\"(max-width: 800px) 100vw, 400px\" \/><\/a><\/span><div class=\"fusion-clearfix\"><\/div><\/div><\/div><div class=\"fusion-layout-column fusion_builder_column fusion-builder-column-6 fusion_builder_column_3_4 3_4 fusion-three-fourth fusion-column-last\" style=\"width:75%;width:calc(75% - ( ( 4% ) * 0.75 ) );margin-top:0px;margin-bottom:20px;\"><div class=\"fusion-column-wrapper fusion-flex-column-wrapper-legacy\" style=\"background-position:left top;background-repeat:no-repeat;-webkit-background-size:cover;-moz-background-size:cover;-o-background-size:cover;background-size:cover;padding: 0px 0px 0px 0px;\"><div class=\"fusion-text fusion-text-4\" style=\"transform:translate3d(0,0,0);\"><div class=\"csc-textpicHeader csc-textpicHeader-26\">\n<h1>Sala 5<\/h1>\n<\/div>\n<p class=\"bodytext\">sala di media grandezza per riunioni e seminari. Capienza: <strong>15-20 persone<\/strong><\/p>\n<\/div><div class=\"fusion-clearfix\"><\/div><\/div><\/div><\/div><\/div><div class=\"fusion-fullwidth fullwidth-box fusion-builder-row-5 nonhundred-percent-fullwidth non-hundred-percent-height-scrolling\" style=\"background-color: rgba(255,255,255,0);background-position: center center;background-repeat: no-repeat;padding-top:0px;padding-right:0px;padding-bottom:0px;padding-left:0px;margin-bottom: 0px;margin-top: 0px;border-width: 0px 0px 0px 0px;border-color:#eae9e9;border-style:solid;\" ><div class=\"fusion-builder-row fusion-row\"><div class=\"fusion-layout-column fusion_builder_column fusion-builder-column-7 fusion_builder_column_1_4 1_4 fusion-one-fourth fusion-column-first\" style=\"width:25%;width:calc(25% - ( ( 4% ) * 0.25 ) );margin-right: 4%;margin-top:0px;margin-bottom:20px;\"><div class=\"fusion-column-wrapper fusion-flex-column-wrapper-legacy\" style=\"background-position:left top;background-repeat:no-repeat;-webkit-background-size:cover;-moz-background-size:cover;-o-background-size:cover;background-size:cover;padding: 0px 0px 0px 0px;\"><span class=\" fusion-imageframe imageframe-none imageframe-4 hover-type-zoomin\"><a href=\"http:\/\/www.mariaheim.org\/wp-content\/uploads\/Kassettensaalgeeignet-f\u00fcr-Festveranstaltungen-Vortr\u00e4ge-Ausstellungen-Seminare-und-Konzerte-bis-zu-60-Sitzpl\u00e4tze-1024x768.jpg\" class=\"fusion-lightbox\" data-rel=\"iLightbox[02a63abfc1ef06a47df]\" data-title=\"Kassettensaalgeeignet f\u00fcr Festveranstaltungen, Vortr\u00e4ge, Ausstellungen, Seminare und Konzerte bis zu 60 Sitzpl\u00e4tze\" title=\"Kassettensaalgeeignet f\u00fcr Festveranstaltungen, Vortr\u00e4ge, Ausstellungen, Seminare und Konzerte bis zu 60 Sitzpl\u00e4tze\"><img decoding=\"async\" width=\"300\" height=\"225\" src=\"http:\/\/www.mariaheim.org\/wp-content\/uploads\/Kassettensaalgeeignet-f\u00fcr-Festveranstaltungen-Vortr\u00e4ge-Ausstellungen-Seminare-und-Konzerte-bis-zu-60-Sitzpl\u00e4tze-300x225.jpg\" class=\"img-responsive wp-image-263\" srcset=\"https:\/\/www.mariaheim.org\/wp-content\/uploads\/Kassettensaalgeeignet-f\u00fcr-Festveranstaltungen-Vortr\u00e4ge-Ausstellungen-Seminare-und-Konzerte-bis-zu-60-Sitzpl\u00e4tze-200x150.jpg 200w, https:\/\/www.mariaheim.org\/wp-content\/uploads\/Kassettensaalgeeignet-f\u00fcr-Festveranstaltungen-Vortr\u00e4ge-Ausstellungen-Seminare-und-Konzerte-bis-zu-60-Sitzpl\u00e4tze-400x300.jpg 400w, https:\/\/www.mariaheim.org\/wp-content\/uploads\/Kassettensaalgeeignet-f\u00fcr-Festveranstaltungen-Vortr\u00e4ge-Ausstellungen-Seminare-und-Konzerte-bis-zu-60-Sitzpl\u00e4tze-600x450.jpg 600w, https:\/\/www.mariaheim.org\/wp-content\/uploads\/Kassettensaalgeeignet-f\u00fcr-Festveranstaltungen-Vortr\u00e4ge-Ausstellungen-Seminare-und-Konzerte-bis-zu-60-Sitzpl\u00e4tze-800x600.jpg 800w, https:\/\/www.mariaheim.org\/wp-content\/uploads\/Kassettensaalgeeignet-f\u00fcr-Festveranstaltungen-Vortr\u00e4ge-Ausstellungen-Seminare-und-Konzerte-bis-zu-60-Sitzpl\u00e4tze-1200x900.jpg 1200w, https:\/\/www.mariaheim.org\/wp-content\/uploads\/Kassettensaalgeeignet-f\u00fcr-Festveranstaltungen-Vortr\u00e4ge-Ausstellungen-Seminare-und-Konzerte-bis-zu-60-Sitzpl\u00e4tze.jpg 4032w\" sizes=\"(max-width: 800px) 100vw, 400px\" \/><\/a><\/span><span class=\" fusion-imageframe imageframe-none imageframe-5 hover-type-zoomin\"><a href=\"http:\/\/www.mariaheim.org\/wp-content\/uploads\/20190315_184610-1024x768.jpg\" class=\"fusion-lightbox\" data-rel=\"iLightbox[5b5359ac8f6e2fbc8e4]\" data-title=\"20190315_184610\" title=\"20190315_184610\"><img decoding=\"async\" width=\"300\" height=\"225\" src=\"http:\/\/www.mariaheim.org\/wp-content\/uploads\/20190315_184610-300x225.jpg\" class=\"img-responsive wp-image-261\" srcset=\"https:\/\/www.mariaheim.org\/wp-content\/uploads\/20190315_184610-200x150.jpg 200w, https:\/\/www.mariaheim.org\/wp-content\/uploads\/20190315_184610-400x300.jpg 400w, https:\/\/www.mariaheim.org\/wp-content\/uploads\/20190315_184610-600x450.jpg 600w, https:\/\/www.mariaheim.org\/wp-content\/uploads\/20190315_184610-800x600.jpg 800w, https:\/\/www.mariaheim.org\/wp-content\/uploads\/20190315_184610-1200x900.jpg 1200w, https:\/\/www.mariaheim.org\/wp-content\/uploads\/20190315_184610.jpg 4032w\" sizes=\"(max-width: 800px) 100vw, 400px\" \/><\/a><\/span><div class=\"fusion-clearfix\"><\/div><\/div><\/div><div class=\"fusion-layout-column fusion_builder_column fusion-builder-column-8 fusion_builder_column_3_4 3_4 fusion-three-fourth fusion-column-last\" style=\"width:75%;width:calc(75% - ( ( 4% ) * 0.75 ) );margin-top:0px;margin-bottom:20px;\"><div class=\"fusion-column-wrapper fusion-flex-column-wrapper-legacy\" style=\"background-position:left top;background-repeat:no-repeat;-webkit-background-size:cover;-moz-background-size:cover;-o-background-size:cover;background-size:cover;padding: 0px 0px 0px 0px;\"><div class=\"fusion-text fusion-text-5\" style=\"transform:translate3d(0,0,0);\"><div class=\"csc-textpicHeader csc-textpicHeader-26\">\n<h1>La sala a cassettoni<\/h1>\n<\/div>\n<p class=\"bodytext\">La sala pi\u00f9 bella \u00e8 la sala a cassettoni. Questa \u00e8 adatta per conferenze, mostre, seminari, concerti e eventi festosi. Capienza: fino a <strong>50 posti a sedere<\/strong>.<\/p>\n<\/div><div class=\"fusion-clearfix\"><\/div><\/div><\/div><\/div><\/div><div class=\"fusion-fullwidth fullwidth-box fusion-builder-row-6 nonhundred-percent-fullwidth non-hundred-percent-height-scrolling\" style=\"background-color: rgba(255,255,255,0);background-position: center center;background-repeat: no-repeat;padding-top:0px;padding-right:0px;padding-bottom:0px;padding-left:0px;margin-bottom: 0px;margin-top: 0px;border-width: 0px 0px 0px 0px;border-color:#eae9e9;border-style:solid;\" ><div class=\"fusion-builder-row fusion-row\"><div class=\"fusion-layout-column fusion_builder_column fusion-builder-column-9 fusion_builder_column_1_4 1_4 fusion-one-fourth fusion-column-first\" style=\"width:25%;width:calc(25% - ( ( 4% ) * 0.25 ) );margin-right: 4%;margin-top:0px;margin-bottom:20px;\"><div class=\"fusion-column-wrapper fusion-flex-column-wrapper-legacy\" style=\"background-position:left top;background-repeat:no-repeat;-webkit-background-size:cover;-moz-background-size:cover;-o-background-size:cover;background-size:cover;padding: 0px 0px 0px 0px;\"><span class=\" fusion-imageframe imageframe-none imageframe-6 hover-type-zoomin\"><a href=\"http:\/\/www.mariaheim.org\/wp-content\/uploads\/Jugendraum-1.jpg\" class=\"fusion-lightbox\" data-rel=\"iLightbox[f5eeee94a83c6510fb5]\" data-caption=\"Jugendraum 1\" data-title=\"Jugendraum 1\" title=\"Jugendraum 1\"><img decoding=\"async\" width=\"3976\" height=\"1951\" src=\"http:\/\/www.mariaheim.org\/wp-content\/uploads\/Jugendraum-1.jpg\" class=\"img-responsive wp-image-442\" srcset=\"https:\/\/www.mariaheim.org\/wp-content\/uploads\/Jugendraum-1-200x98.jpg 200w, https:\/\/www.mariaheim.org\/wp-content\/uploads\/Jugendraum-1-400x196.jpg 400w, https:\/\/www.mariaheim.org\/wp-content\/uploads\/Jugendraum-1-600x294.jpg 600w, https:\/\/www.mariaheim.org\/wp-content\/uploads\/Jugendraum-1-800x393.jpg 800w, https:\/\/www.mariaheim.org\/wp-content\/uploads\/Jugendraum-1-1200x589.jpg 1200w, https:\/\/www.mariaheim.org\/wp-content\/uploads\/Jugendraum-1.jpg 3976w\" sizes=\"(max-width: 800px) 100vw, 400px\" \/><\/a><\/span><span class=\" fusion-imageframe imageframe-none imageframe-7 hover-type-zoomin\"><a href=\"http:\/\/www.mariaheim.org\/wp-content\/uploads\/Jugendraum-2.jpg\" class=\"fusion-lightbox\" data-rel=\"iLightbox[0f99574ab000b67c948]\" data-caption=\"Jugendraum 2\" data-title=\"Jugendraum 2\" title=\"Jugendraum 2\"><img decoding=\"async\" width=\"3903\" height=\"1957\" src=\"http:\/\/www.mariaheim.org\/wp-content\/uploads\/Jugendraum-2.jpg\" class=\"img-responsive wp-image-443\" srcset=\"https:\/\/www.mariaheim.org\/wp-content\/uploads\/Jugendraum-2-200x100.jpg 200w, https:\/\/www.mariaheim.org\/wp-content\/uploads\/Jugendraum-2-400x201.jpg 400w, https:\/\/www.mariaheim.org\/wp-content\/uploads\/Jugendraum-2-600x301.jpg 600w, https:\/\/www.mariaheim.org\/wp-content\/uploads\/Jugendraum-2-800x401.jpg 800w, https:\/\/www.mariaheim.org\/wp-content\/uploads\/Jugendraum-2-1200x602.jpg 1200w, https:\/\/www.mariaheim.org\/wp-content\/uploads\/Jugendraum-2.jpg 3903w\" sizes=\"(max-width: 800px) 100vw, 400px\" \/><\/a><\/span><div class=\"fusion-clearfix\"><\/div><\/div><\/div><div class=\"fusion-layout-column fusion_builder_column fusion-builder-column-10 fusion_builder_column_3_4 3_4 fusion-three-fourth fusion-column-last\" style=\"width:75%;width:calc(75% - ( ( 4% ) * 0.75 ) );margin-top:0px;margin-bottom:20px;\"><div class=\"fusion-column-wrapper fusion-flex-column-wrapper-legacy\" style=\"background-position:left top;background-repeat:no-repeat;-webkit-background-size:cover;-moz-background-size:cover;-o-background-size:cover;background-size:cover;padding: 0px 0px 0px 0px;\"><div class=\"fusion-text fusion-text-6\" style=\"transform:translate3d(0,0,0);\"><h1>Jugendr\u00e4ume<\/h1>\n<p>Le cosiddette &#8220;sale per i giovani&#8221; sono adatte per corsi e seminari, feste per bambini e compleanni.<\/p>\n<\/div><div class=\"fusion-clearfix\"><\/div><\/div><\/div><\/div><\/div><div class=\"fusion-fullwidth fullwidth-box fusion-builder-row-7 nonhundred-percent-fullwidth non-hundred-percent-height-scrolling\" style=\"background-color: rgba(255,255,255,0);background-position: center center;background-repeat: no-repeat;padding-top:0px;padding-right:0px;padding-bottom:0px;padding-left:0px;margin-bottom: 0px;margin-top: 0px;border-width: 0px 0px 0px 0px;border-color:#eae9e9;border-style:solid;\" ><div class=\"fusion-builder-row fusion-row\"><div class=\"fusion-layout-column fusion_builder_column fusion-builder-column-11 fusion_builder_column_1_1 1_1 fusion-one-full fusion-column-first fusion-column-last\" style=\"margin-top:0px;margin-bottom:20px;\"><div class=\"fusion-column-wrapper fusion-flex-column-wrapper-legacy\" style=\"background-position:left top;background-repeat:no-repeat;-webkit-background-size:cover;-moz-background-size:cover;-o-background-size:cover;background-size:cover;padding: 0px 0px 0px 0px;\"><div class=\"fusion-text fusion-text-7\" style=\"transform:translate3d(0,0,0);\"><div id=\"c71\" class=\"csc-default\">\n<div class=\"csc-header csc-header-n6\">\n<h1>Prenotazioni<\/h1>\n<\/div>\n<h3 class=\"bodytext\">Karl Wolf<\/h3>\n<h3 class=\"bodytext\">Telefono: 329 648 1292<\/h3>\n<h3 class=\"bodytext\">e-mail: <span style=\"color: #6d5f4c;\"><a>info@mariaheim.org<\/a><\/span><\/h3>\n<\/div>\n<\/div><div class=\"fusion-clearfix\"><\/div><\/div><\/div><\/div><\/div><\/p>\n","protected":false},"excerpt":{"rendered":"","protected":false},"author":2,"featured_media":0,"parent":0,"menu_order":0,"comment_status":"closed","ping_status":"closed","template":"","meta":{"footnotes":""},"_links":{"self":[{"href":"https:\/\/www.mariaheim.org\/it\/wp-json\/wp\/v2\/pages\/682"}],"collection":[{"href":"https:\/\/www.mariaheim.org\/it\/wp-json\/wp\/v2\/pages"}],"about":[{"href":"https:\/\/www.mariaheim.org\/it\/wp-json\/wp\/v2\/types\/page"}],"author":[{"embeddable":true,"href":"https:\/\/www.mariaheim.org\/it\/wp-json\/wp\/v2\/users\/2"}],"replies":[{"embeddable":true,"href":"https:\/\/www.mariaheim.org\/it\/wp-json\/wp\/v2\/comments?post=682"}],"version-history":[{"count":23,"href":"https:\/\/www.mariaheim.org\/it\/wp-json\/wp\/v2\/pages\/682\/revisions"}],"predecessor-version":[{"id":3645,"href":"https:\/\/www.mariaheim.org\/it\/wp-json\/wp\/v2\/pages\/682\/revisions\/3645"}],"wp:attachment":[{"href":"https:\/\/www.mariaheim.org\/it\/wp-json\/wp\/v2\/media?parent=682"}],"curies":[{"name":"wp","href":"https:\/\/api.w.org\/{rel}","templated":true}]}}