{"id":669,"date":"2019-05-29T09:39:03","date_gmt":"2019-05-29T07:39:03","guid":{"rendered":"https:\/\/www.mariaheim.org\/?page_id=669"},"modified":"2026-03-12T08:04:50","modified_gmt":"2026-03-12T07:04:50","slug":"news-aktuelles","status":"publish","type":"page","link":"https:\/\/www.mariaheim.org\/it\/news-aktuelles","title":{"rendered":"Novit\u00e0"},"content":{"rendered":"<p><div class=\"fusion-fullwidth fullwidth-box fusion-builder-row-1 fusion-flex-container nonhundred-percent-fullwidth non-hundred-percent-height-scrolling\" style=\"background-color: rgba(255,255,255,0);background-position: center center;background-repeat: no-repeat;border-width: 0px 0px 0px 0px;border-color:#eae9e9;border-style:solid;\" ><div class=\"fusion-builder-row fusion-row fusion-flex-align-items-flex-start\" style=\"max-width:1144px;margin-left: calc(-4% \/ 2 );margin-right: calc(-4% \/ 2 );\"><div class=\"fusion-layout-column fusion_builder_column fusion-builder-column-0 fusion_builder_column_1_1 1_1 fusion-flex-column\"><div class=\"fusion-column-wrapper fusion-flex-justify-content-flex-start fusion-content-layout-column\" style=\"background-position:left top;background-repeat:no-repeat;-webkit-background-size:cover;-moz-background-size:cover;-o-background-size:cover;background-size:cover;padding: 0px 0px 0px 0px;\"><div class=\"fusion-text fusion-text-1\" style=\"transform:translate3d(0,0,0);\"><h3 style=\"text-align: center;\"><span style=\"color: #993300;\"><strong>In questa pagina troverete le date e i contatti di tutti gli eventi che si svolgeranno a Maria Heim nel prossimo futuro. <\/strong><\/span><span style=\"color: #993300;\"><strong>Per informazioni pi\u00f9 dettagliate, potete anche chiamare il numero 329 648 1292.<\/strong><\/span><\/h3>\n<\/div><div class=\"fusion-separator fusion-full-width-sep\" style=\"align-self: center;margin-left: auto;margin-right: auto;width:100%;\"><div class=\"fusion-separator-border sep-double\" style=\"border-color:#e0dede;border-top-width:1px;border-bottom-width:1px;\"><\/div><\/div><div class=\"fusion-separator fusion-full-width-sep\" style=\"align-self: center;margin-left: auto;margin-right: auto;width:100%;\"><div class=\"fusion-separator-border sep-double\" style=\"border-color:#e0dede;border-top-width:1px;border-bottom-width:1px;\"><\/div><\/div><div class=\"fusion-separator fusion-full-width-sep\" style=\"align-self: center;margin-left: auto;margin-right: auto;width:100%;\"><div class=\"fusion-separator-border sep-double\" style=\"border-color:#e0dede;border-top-width:1px;border-bottom-width:1px;\"><\/div><\/div><\/div><\/div><style type=\"text\/css\">.fusion-body .fusion-builder-column-0{width:100% !important;margin-top : 0px;margin-bottom : 20px;}.fusion-builder-column-0 > .fusion-column-wrapper {padding-top : 0px !important;padding-right : 0px !important;margin-right : 1.92%;padding-bottom : 0px !important;padding-left : 0px !important;margin-left : 1.92%;}@media only screen and (max-width:1024px) {.fusion-body .fusion-builder-column-0{width:100% !important;order : 0;}.fusion-builder-column-0 > .fusion-column-wrapper {margin-right : 1.92%;margin-left : 1.92%;}}@media only screen and (max-width:640px) {.fusion-body .fusion-builder-column-0{width:100% !important;order : 0;}.fusion-builder-column-0 > .fusion-column-wrapper {margin-right : 1.92%;margin-left : 1.92%;}}<\/style><\/div><style type=\"text\/css\">.fusion-body .fusion-flex-container.fusion-builder-row-1{ padding-top : 0px;margin-top : 0px;padding-right : 0px;padding-bottom : 0px;margin-bottom : 0px;padding-left : 0px;}<\/style><\/div><div class=\"fusion-fullwidth fullwidth-box fusion-builder-row-2 fusion-flex-container nonhundred-percent-fullwidth non-hundred-percent-height-scrolling\" style=\"background-color: rgba(255,255,255,0);background-position: center center;background-repeat: no-repeat;border-width: 0px 0px 0px 0px;border-color:#eae9e9;border-style:solid;\" ><div class=\"fusion-builder-row fusion-row fusion-flex-align-items-flex-start\" style=\"max-width:1144px;margin-left: calc(-4% \/ 2 );margin-right: calc(-4% \/ 2 );\"><div class=\"fusion-layout-column fusion_builder_column fusion-builder-column-1 fusion_builder_column_1_1 1_1 fusion-flex-column\"><div class=\"fusion-column-wrapper fusion-flex-justify-content-flex-start fusion-content-layout-column\" style=\"background-position:left top;background-repeat:no-repeat;-webkit-background-size:cover;-moz-background-size:cover;-o-background-size:cover;background-size:cover;padding: 0px 0px 0px 0px;\"><div ><span class=\" fusion-imageframe imageframe-none imageframe-1 hover-type-none\"><img decoding=\"async\" width=\"1754\" height=\"2480\" title=\"Fotoausstellung Mariaheim_WSS_Plakat_A3_2026.indd\" src=\"https:\/\/www.mariaheim.org\/wp-content\/uploads\/Fotoausstellung-Mariaheim_WSS_Plakat_A3_2026.jpg\" class=\"img-responsive wp-image-4073\" srcset=\"https:\/\/www.mariaheim.org\/wp-content\/uploads\/Fotoausstellung-Mariaheim_WSS_Plakat_A3_2026-200x283.jpg 200w, https:\/\/www.mariaheim.org\/wp-content\/uploads\/Fotoausstellung-Mariaheim_WSS_Plakat_A3_2026-400x566.jpg 400w, https:\/\/www.mariaheim.org\/wp-content\/uploads\/Fotoausstellung-Mariaheim_WSS_Plakat_A3_2026-600x848.jpg 600w, https:\/\/www.mariaheim.org\/wp-content\/uploads\/Fotoausstellung-Mariaheim_WSS_Plakat_A3_2026-800x1131.jpg 800w, https:\/\/www.mariaheim.org\/wp-content\/uploads\/Fotoausstellung-Mariaheim_WSS_Plakat_A3_2026-1200x1697.jpg 1200w, https:\/\/www.mariaheim.org\/wp-content\/uploads\/Fotoausstellung-Mariaheim_WSS_Plakat_A3_2026.jpg 1754w\" sizes=\"(max-width: 1024px) 100vw, (max-width: 640px) 100vw, 1200px\" \/><\/span><\/div><\/div><\/div><style type=\"text\/css\">.fusion-body .fusion-builder-column-1{width:100% !important;margin-top : 0px;margin-bottom : 20px;}.fusion-builder-column-1 > .fusion-column-wrapper {padding-top : 0px !important;padding-right : 0px !important;margin-right : 1.92%;padding-bottom : 0px !important;padding-left : 0px !important;margin-left : 1.92%;}@media only screen and (max-width:1024px) {.fusion-body .fusion-builder-column-1{width:100% !important;order : 0;}.fusion-builder-column-1 > .fusion-column-wrapper {margin-right : 1.92%;margin-left : 1.92%;}}@media only screen and (max-width:640px) {.fusion-body .fusion-builder-column-1{width:100% !important;order : 0;}.fusion-builder-column-1 > .fusion-column-wrapper {margin-right : 1.92%;margin-left : 1.92%;}}<\/style><\/div><style type=\"text\/css\">.fusion-body .fusion-flex-container.fusion-builder-row-2{ padding-top : 0px;margin-top : 0px;padding-right : 0px;padding-bottom : 0px;margin-bottom : 0px;padding-left : 0px;}<\/style><\/div><div class=\"fusion-fullwidth fullwidth-box fusion-builder-row-3 fusion-flex-container nonhundred-percent-fullwidth non-hundred-percent-height-scrolling\" style=\"background-color: rgba(255,255,255,0);background-position: center center;background-repeat: no-repeat;border-width: 0px 0px 0px 0px;border-color:#eae9e9;border-style:solid;\" ><div class=\"fusion-builder-row fusion-row fusion-flex-align-items-flex-start\" style=\"max-width:1144px;margin-left: calc(-4% \/ 2 );margin-right: calc(-4% \/ 2 );\"><div class=\"fusion-layout-column fusion_builder_column fusion-builder-column-2 fusion_builder_column_1_1 1_1 fusion-flex-column\"><div class=\"fusion-column-wrapper fusion-flex-justify-content-flex-start fusion-content-layout-column\" style=\"background-position:left top;background-repeat:no-repeat;-webkit-background-size:cover;-moz-background-size:cover;-o-background-size:cover;background-size:cover;padding: 0px 0px 0px 0px;\"><div class=\"fusion-separator fusion-full-width-sep\" style=\"align-self: center;margin-left: auto;margin-right: auto;width:100%;\"><div class=\"fusion-separator-border sep-double\" style=\"border-color:#e0dede;border-top-width:1px;border-bottom-width:1px;\"><\/div><\/div><div class=\"fusion-separator fusion-full-width-sep\" style=\"align-self: center;margin-left: auto;margin-right: auto;width:100%;\"><div class=\"fusion-separator-border sep-double\" style=\"border-color:#e0dede;border-top-width:1px;border-bottom-width:1px;\"><\/div><\/div><div class=\"fusion-text fusion-text-2\" style=\"transform:translate3d(0,0,0);\"><h1 style=\"text-align: center;\"><strong>MARIAHEIM<\/strong><\/h1>\n<h2 style=\"text-align: center;\"><strong>a Bolzano-Gries<\/strong><\/h2>\n<h3 style=\"text-align: center;\"><strong>da tenuta vinicola dell&#8217;Abbazia di Novacella a Centro Comunitario<\/strong><\/h3>\n<\/div><style type=\"text\/css\">.fusion-gallery-1 .fusion-gallery-image {border:0px solid #f6f6f6;}<\/style><div class=\"fusion-gallery fusion-gallery-container fusion-grid-4 fusion-columns-total-8 fusion-gallery-layout-grid fusion-gallery-1\" style=\"margin:-5px;\"><div style=\"padding:5px;\" class=\"fusion-grid-column fusion-gallery-column fusion-gallery-column-4 hover-type-zoomin\"><div class=\"fusion-gallery-image\"><a href=\"https:\/\/www.mariaheim.org\/wp-content\/uploads\/Gen_Mariaheim_Kunstfu\u2560ehrer_Faltblatt_105x210_2024_1.jpeg\" rel=\"noreferrer\" data-rel=\"iLightbox[gallery_image_1]\" class=\"fusion-lightbox\" target=\"_self\"><img decoding=\"async\" src=\"https:\/\/www.mariaheim.org\/wp-content\/uploads\/Gen_Mariaheim_Kunstfu\u2560ehrer_Faltblatt_105x210_2024_1-320x202.jpeg\" width=\"320\" height=\"202\" alt=\"\" title=\"Gen_Mariaheim_Kunstfu\u2560\u00eahrer_Faltblatt_105x210_2024_1\" aria-label=\"Gen_Mariaheim_Kunstfu\u2560\u00eahrer_Faltblatt_105x210_2024_1\" class=\"img-responsive wp-image-3573 fusion-gallery-image-size-fixed\" srcset=\"https:\/\/www.mariaheim.org\/wp-content\/uploads\/Gen_Mariaheim_Kunstfu\u2560ehrer_Faltblatt_105x210_2024_1-320x202.jpeg 320w, https:\/\/www.mariaheim.org\/wp-content\/uploads\/Gen_Mariaheim_Kunstfu\u2560ehrer_Faltblatt_105x210_2024_1-700x441.jpeg 700w\" sizes=\"(max-width: 320px) 100vw, 320px\" \/><\/a><\/div><\/div><div style=\"padding:5px;\" class=\"fusion-grid-column fusion-gallery-column fusion-gallery-column-4 hover-type-zoomin\"><div class=\"fusion-gallery-image\"><a href=\"https:\/\/www.mariaheim.org\/wp-content\/uploads\/Gen_Mariaheim_Kunstfu\u2560ehrer_Faltblatt_105x210_2024_2.jpeg\" rel=\"noreferrer\" data-rel=\"iLightbox[gallery_image_1]\" class=\"fusion-lightbox\" target=\"_self\"><img decoding=\"async\" src=\"https:\/\/www.mariaheim.org\/wp-content\/uploads\/Gen_Mariaheim_Kunstfu\u2560ehrer_Faltblatt_105x210_2024_2-320x202.jpeg\" width=\"320\" height=\"202\" alt=\"\" title=\"Gen_Mariaheim_Kunstfu\u2560\u00eahrer_Faltblatt_105x210_2024_2\" aria-label=\"Gen_Mariaheim_Kunstfu\u2560\u00eahrer_Faltblatt_105x210_2024_2\" class=\"img-responsive wp-image-3575 fusion-gallery-image-size-fixed\" srcset=\"https:\/\/www.mariaheim.org\/wp-content\/uploads\/Gen_Mariaheim_Kunstfu\u2560ehrer_Faltblatt_105x210_2024_2-320x202.jpeg 320w, https:\/\/www.mariaheim.org\/wp-content\/uploads\/Gen_Mariaheim_Kunstfu\u2560ehrer_Faltblatt_105x210_2024_2-700x441.jpeg 700w\" sizes=\"(max-width: 320px) 100vw, 320px\" \/><\/a><\/div><\/div><div style=\"padding:5px;\" class=\"fusion-grid-column fusion-gallery-column fusion-gallery-column-4 hover-type-zoomin\"><div class=\"fusion-gallery-image\"><a href=\"https:\/\/www.mariaheim.org\/wp-content\/uploads\/Gen_Mariaheim_Kunstfu\u2560ehrer_Faltblatt_105x210_2024_3.jpeg\" rel=\"noreferrer\" data-rel=\"iLightbox[gallery_image_1]\" class=\"fusion-lightbox\" target=\"_self\"><img decoding=\"async\" src=\"https:\/\/www.mariaheim.org\/wp-content\/uploads\/Gen_Mariaheim_Kunstfu\u2560ehrer_Faltblatt_105x210_2024_3-320x202.jpeg\" width=\"320\" height=\"202\" alt=\"\" title=\"Gen_Mariaheim_Kunstfu\u2560\u00eahrer_Faltblatt_105x210_2024_3\" aria-label=\"Gen_Mariaheim_Kunstfu\u2560\u00eahrer_Faltblatt_105x210_2024_3\" class=\"img-responsive wp-image-3577 fusion-gallery-image-size-fixed\" srcset=\"https:\/\/www.mariaheim.org\/wp-content\/uploads\/Gen_Mariaheim_Kunstfu\u2560ehrer_Faltblatt_105x210_2024_3-320x202.jpeg 320w, https:\/\/www.mariaheim.org\/wp-content\/uploads\/Gen_Mariaheim_Kunstfu\u2560ehrer_Faltblatt_105x210_2024_3-700x441.jpeg 700w\" sizes=\"(max-width: 320px) 100vw, 320px\" \/><\/a><\/div><\/div><div style=\"padding:5px;\" class=\"fusion-grid-column fusion-gallery-column fusion-gallery-column-4 hover-type-zoomin\"><div class=\"fusion-gallery-image\"><a href=\"https:\/\/www.mariaheim.org\/wp-content\/uploads\/Gen_Mariaheim_Kunstfu\u2560ehrer_Faltblatt_105x210_2024_4.jpeg\" rel=\"noreferrer\" data-rel=\"iLightbox[gallery_image_1]\" class=\"fusion-lightbox\" target=\"_self\"><img decoding=\"async\" src=\"https:\/\/www.mariaheim.org\/wp-content\/uploads\/Gen_Mariaheim_Kunstfu\u2560ehrer_Faltblatt_105x210_2024_4-320x202.jpeg\" width=\"320\" height=\"202\" alt=\"\" title=\"Gen_Mariaheim_Kunstfu\u2560\u00eahrer_Faltblatt_105x210_2024_4\" aria-label=\"Gen_Mariaheim_Kunstfu\u2560\u00eahrer_Faltblatt_105x210_2024_4\" class=\"img-responsive wp-image-3579 fusion-gallery-image-size-fixed\" srcset=\"https:\/\/www.mariaheim.org\/wp-content\/uploads\/Gen_Mariaheim_Kunstfu\u2560ehrer_Faltblatt_105x210_2024_4-320x202.jpeg 320w, https:\/\/www.mariaheim.org\/wp-content\/uploads\/Gen_Mariaheim_Kunstfu\u2560ehrer_Faltblatt_105x210_2024_4-700x441.jpeg 700w\" sizes=\"(max-width: 320px) 100vw, 320px\" \/><\/a><\/div><\/div><div class=\"clearfix\"><\/div><div style=\"padding:5px;\" class=\"fusion-grid-column fusion-gallery-column fusion-gallery-column-4 hover-type-zoomin\"><div class=\"fusion-gallery-image\"><a href=\"https:\/\/www.mariaheim.org\/wp-content\/uploads\/Gen_Mariaheim_Kunstfu\u2560ehrer_Faltblatt_105x210_2024_5.jpeg\" rel=\"noreferrer\" data-rel=\"iLightbox[gallery_image_1]\" class=\"fusion-lightbox\" target=\"_self\"><img decoding=\"async\" src=\"https:\/\/www.mariaheim.org\/wp-content\/uploads\/Gen_Mariaheim_Kunstfu\u2560ehrer_Faltblatt_105x210_2024_5-320x202.jpeg\" width=\"320\" height=\"202\" alt=\"\" title=\"Gen_Mariaheim_Kunstfu\u2560\u00eahrer_Faltblatt_105x210_2024_5\" aria-label=\"Gen_Mariaheim_Kunstfu\u2560\u00eahrer_Faltblatt_105x210_2024_5\" class=\"img-responsive wp-image-3581 fusion-gallery-image-size-fixed\" srcset=\"https:\/\/www.mariaheim.org\/wp-content\/uploads\/Gen_Mariaheim_Kunstfu\u2560ehrer_Faltblatt_105x210_2024_5-320x202.jpeg 320w, https:\/\/www.mariaheim.org\/wp-content\/uploads\/Gen_Mariaheim_Kunstfu\u2560ehrer_Faltblatt_105x210_2024_5-700x441.jpeg 700w\" sizes=\"(max-width: 320px) 100vw, 320px\" \/><\/a><\/div><\/div><div style=\"padding:5px;\" class=\"fusion-grid-column fusion-gallery-column fusion-gallery-column-4 hover-type-zoomin\"><div class=\"fusion-gallery-image\"><a href=\"https:\/\/www.mariaheim.org\/wp-content\/uploads\/Gen_Mariaheim_Kunstfu\u2560ehrer_Faltblatt_105x210_2024_6.jpeg\" rel=\"noreferrer\" data-rel=\"iLightbox[gallery_image_1]\" class=\"fusion-lightbox\" target=\"_self\"><img decoding=\"async\" src=\"https:\/\/www.mariaheim.org\/wp-content\/uploads\/Gen_Mariaheim_Kunstfu\u2560ehrer_Faltblatt_105x210_2024_6-320x202.jpeg\" width=\"320\" height=\"202\" alt=\"\" title=\"Gen_Mariaheim_Kunstfu\u2560\u00eahrer_Faltblatt_105x210_2024_6\" aria-label=\"Gen_Mariaheim_Kunstfu\u2560\u00eahrer_Faltblatt_105x210_2024_6\" class=\"img-responsive wp-image-3583 fusion-gallery-image-size-fixed\" srcset=\"https:\/\/www.mariaheim.org\/wp-content\/uploads\/Gen_Mariaheim_Kunstfu\u2560ehrer_Faltblatt_105x210_2024_6-320x202.jpeg 320w, https:\/\/www.mariaheim.org\/wp-content\/uploads\/Gen_Mariaheim_Kunstfu\u2560ehrer_Faltblatt_105x210_2024_6-700x441.jpeg 700w\" sizes=\"(max-width: 320px) 100vw, 320px\" \/><\/a><\/div><\/div><div style=\"padding:5px;\" class=\"fusion-grid-column fusion-gallery-column fusion-gallery-column-4 hover-type-zoomin\"><div class=\"fusion-gallery-image\"><a href=\"https:\/\/www.mariaheim.org\/wp-content\/uploads\/Gen_Mariaheim_Kunstfu\u2560ehrer_Faltblatt_105x210_2024_7.jpeg\" rel=\"noreferrer\" data-rel=\"iLightbox[gallery_image_1]\" class=\"fusion-lightbox\" target=\"_self\"><img decoding=\"async\" src=\"https:\/\/www.mariaheim.org\/wp-content\/uploads\/Gen_Mariaheim_Kunstfu\u2560ehrer_Faltblatt_105x210_2024_7-320x202.jpeg\" width=\"320\" height=\"202\" alt=\"\" title=\"Gen_Mariaheim_Kunstfu\u2560\u00eahrer_Faltblatt_105x210_2024_7\" aria-label=\"Gen_Mariaheim_Kunstfu\u2560\u00eahrer_Faltblatt_105x210_2024_7\" class=\"img-responsive wp-image-3585 fusion-gallery-image-size-fixed\" srcset=\"https:\/\/www.mariaheim.org\/wp-content\/uploads\/Gen_Mariaheim_Kunstfu\u2560ehrer_Faltblatt_105x210_2024_7-320x202.jpeg 320w, https:\/\/www.mariaheim.org\/wp-content\/uploads\/Gen_Mariaheim_Kunstfu\u2560ehrer_Faltblatt_105x210_2024_7-700x441.jpeg 700w\" sizes=\"(max-width: 320px) 100vw, 320px\" \/><\/a><\/div><\/div><div style=\"padding:5px;\" class=\"fusion-grid-column fusion-gallery-column fusion-gallery-column-4 hover-type-zoomin\"><div class=\"fusion-gallery-image\"><a href=\"https:\/\/www.mariaheim.org\/wp-content\/uploads\/Gen_Mariaheim_Kunstfu\u2560ehrer_Faltblatt_105x210_2024_8.jpeg\" rel=\"noreferrer\" data-rel=\"iLightbox[gallery_image_1]\" class=\"fusion-lightbox\" target=\"_self\"><img decoding=\"async\" src=\"https:\/\/www.mariaheim.org\/wp-content\/uploads\/Gen_Mariaheim_Kunstfu\u2560ehrer_Faltblatt_105x210_2024_8-320x202.jpeg\" width=\"320\" height=\"202\" alt=\"\" title=\"Gen_Mariaheim_Kunstfu\u2560\u00eahrer_Faltblatt_105x210_2024_8\" aria-label=\"Gen_Mariaheim_Kunstfu\u2560\u00eahrer_Faltblatt_105x210_2024_8\" class=\"img-responsive wp-image-3587 fusion-gallery-image-size-fixed\" srcset=\"https:\/\/www.mariaheim.org\/wp-content\/uploads\/Gen_Mariaheim_Kunstfu\u2560ehrer_Faltblatt_105x210_2024_8-320x202.jpeg 320w, https:\/\/www.mariaheim.org\/wp-content\/uploads\/Gen_Mariaheim_Kunstfu\u2560ehrer_Faltblatt_105x210_2024_8-700x441.jpeg 700w\" sizes=\"(max-width: 320px) 100vw, 320px\" \/><\/a><\/div><\/div><div class=\"clearfix\"><\/div><\/div><div class=\"fusion-separator fusion-full-width-sep\" style=\"align-self: center;margin-left: auto;margin-right: auto;width:100%;\"><div class=\"fusion-separator-border sep-double\" style=\"border-color:#e0dede;border-top-width:1px;border-bottom-width:1px;\"><\/div><\/div><div class=\"fusion-separator fusion-full-width-sep\" style=\"align-self: center;margin-left: auto;margin-right: auto;width:100%;\"><div class=\"fusion-separator-border sep-double\" style=\"border-color:#e0dede;border-top-width:1px;border-bottom-width:1px;\"><\/div><\/div><div class=\"fusion-separator fusion-full-width-sep\" style=\"align-self: center;margin-left: auto;margin-right: auto;width:100%;\"><div class=\"fusion-separator-border sep-double\" style=\"border-color:#e0dede;border-top-width:1px;border-bottom-width:1px;\"><\/div><\/div><div ><span class=\" fusion-imageframe imageframe-none imageframe-2 hover-type-none\"><img decoding=\"async\" width=\"1683\" height=\"2381\" title=\"MH Plakat_A3 &#8211; Plakat 2\" src=\"https:\/\/www.mariaheim.org\/wp-content\/uploads\/MH-Plakat_A3-Plakat-2.jpg\" class=\"img-responsive wp-image-3381\" srcset=\"https:\/\/www.mariaheim.org\/wp-content\/uploads\/MH-Plakat_A3-Plakat-2-200x283.jpg 200w, https:\/\/www.mariaheim.org\/wp-content\/uploads\/MH-Plakat_A3-Plakat-2-400x566.jpg 400w, https:\/\/www.mariaheim.org\/wp-content\/uploads\/MH-Plakat_A3-Plakat-2-600x849.jpg 600w, https:\/\/www.mariaheim.org\/wp-content\/uploads\/MH-Plakat_A3-Plakat-2-800x1132.jpg 800w, https:\/\/www.mariaheim.org\/wp-content\/uploads\/MH-Plakat_A3-Plakat-2-1200x1698.jpg 1200w, https:\/\/www.mariaheim.org\/wp-content\/uploads\/MH-Plakat_A3-Plakat-2.jpg 1683w\" sizes=\"(max-width: 1024px) 100vw, (max-width: 640px) 100vw, 1200px\" \/><\/span><\/div><div class=\"fusion-separator fusion-full-width-sep\" style=\"align-self: center;margin-left: auto;margin-right: auto;width:100%;\"><div class=\"fusion-separator-border sep-double\" style=\"border-color:#e0dede;border-top-width:1px;border-bottom-width:1px;\"><\/div><\/div><div class=\"fusion-separator fusion-full-width-sep\" style=\"align-self: center;margin-left: auto;margin-right: auto;width:100%;\"><div class=\"fusion-separator-border sep-double\" style=\"border-color:#e0dede;border-top-width:1px;border-bottom-width:1px;\"><\/div><\/div><div class=\"fusion-text fusion-text-3\" style=\"transform:translate3d(0,0,0);\"><p><span style=\"color: #000000;\">Il libro presenta, in tutta la sua bellezza e la sua peculiarit\u00e0 &#8211; in parte carica di mistero, il complesso architettonico di\u00a0<em>Mariaheim<\/em>\u00a0che un tempo apparteneva all\u2019Abbazia di Novacella e fungeva da residenza di campagna. Nelle sue sale \u00e8 conservato un patrimonio sconosciuto a molti, costituito da affreschi e opere d\u2019arte, che sono una testimonianza dei quattro secoli passati.<\/span><\/p>\n<p><span style=\"color: #000000;\">Il libro racconta anche la storia e le numerose attivit\u00e0 del centro comunitario che da oltre quarant\u2019anni ha qui la sua sede e che nacque come punto di riferimento per i nuovi abitanti di madrelingua tedesca provenienti da tutto l\u2019Alto Adige, che si erano appena trasferiti nel quartiere circostante. Con il tempo il centro si \u00e8 trasformato in un luogo di incontro aperto a tutti, giovani e anziani, senza limiti di lingua e cultura.<\/span><\/p>\n<p><span style=\"color: #000000;\">Sebbene il complesso di\u00a0<em>Mariaheim<\/em>\u00a0accolga molte persone in occasione di numerose manifestazioni, mostre e celebrazioni, la sua storia e il suo significato culturale restano spesso nell\u2019ombra. Con questa pubblicazione vorremmo rendere accessibile a un pubblico pi\u00f9 vasto questo gioiello situato nel cuore della citt\u00e0 di Bolzano e dare a tutte le persone interessate la possibilit\u00e0 di conoscere la storia delle sue origini, i suoi tesori artistici e l\u2019attuale utilizzo di questo luogo.<\/span><\/p>\n<p><span style=\"color: #000000;\">Come autore del libro abbiamo potuto contare sullo storico d\u2019arte Hanns-Paul Ties che, in qualit\u00e0 di ex curatore del Museo dell\u2019Abbazia di Novacella, ha effettuato anche uno studio approfondito delle fonti su\u00a0<em>Mariaheim<\/em>\u00a0conservate\u00a0nell\u2019archivio\u00a0dell\u2019Abbazia. Ne \u00e8 scaturito un libro ricco di nuove conoscenze e informazioni, presentate sempre in un linguaggio semplice e chiaro.<\/span><\/p>\n<p><span style=\"color: #000000;\">Il libro deve la sua ricca e accattivante progettazione al grafico Fabian Wieser e l\u2019accurata traduzione italiana ad Alessandra Cestari e a Marina Mascher.<\/span><\/p>\n<p><span style=\"color: #000000;\">Il libro, riccamente illustrato e particolarmente adatto anche come regalo, pu\u00f2 essere ordinato presso qualsiasi membro del Consiglio di Amministrazione della cooperativa GEMEINSCHAFT MARIA HEIM &#8211; NEUSTIFT o inviando un&#8217;e-mail a info@mariaheim.org o chiamando i numeri 329 648 1292 &#8211; 338 221 9849 e pagando una quota di 20,00 euro.<\/span><\/p>\n<\/div><\/div><\/div><style type=\"text\/css\">.fusion-body .fusion-builder-column-2{width:100% !important;margin-top : 0px;margin-bottom : 20px;}.fusion-builder-column-2 > .fusion-column-wrapper {padding-top : 0px !important;padding-right : 0px !important;margin-right : 1.92%;padding-bottom : 0px !important;padding-left : 0px !important;margin-left : 1.92%;}@media only screen and (max-width:1024px) {.fusion-body .fusion-builder-column-2{width:100% !important;order : 0;}.fusion-builder-column-2 > .fusion-column-wrapper {margin-right : 1.92%;margin-left : 1.92%;}}@media only screen and (max-width:640px) {.fusion-body .fusion-builder-column-2{width:100% !important;order : 0;}.fusion-builder-column-2 > .fusion-column-wrapper {margin-right : 1.92%;margin-left : 1.92%;}}<\/style><\/div><style type=\"text\/css\">.fusion-body .fusion-flex-container.fusion-builder-row-3{ padding-top : 0px;margin-top : 0px;padding-right : 0px;padding-bottom : 0px;margin-bottom : 0px;padding-left : 0px;}<\/style><\/div><div class=\"fusion-fullwidth fullwidth-box fusion-builder-row-4 fusion-flex-container nonhundred-percent-fullwidth non-hundred-percent-height-scrolling\" style=\"background-color: rgba(255,255,255,0);background-position: center center;background-repeat: no-repeat;border-width: 0px 0px 0px 0px;border-color:#eae9e9;border-style:solid;\" ><div class=\"fusion-builder-row fusion-row fusion-flex-align-items-flex-start\" style=\"max-width:1144px;margin-left: calc(-4% \/ 2 );margin-right: calc(-4% \/ 2 );\"><div class=\"fusion-layout-column fusion_builder_column fusion-builder-column-3 fusion_builder_column_1_1 1_1 fusion-flex-column\"><div class=\"fusion-column-wrapper fusion-flex-justify-content-flex-start fusion-content-layout-column\" style=\"background-position:left top;background-repeat:no-repeat;-webkit-background-size:cover;-moz-background-size:cover;-o-background-size:cover;background-size:cover;padding: 0px 0px 0px 0px;\"><div class=\"fusion-separator fusion-full-width-sep\" style=\"align-self: center;margin-left: auto;margin-right: auto;width:100%;\"><div class=\"fusion-separator-border sep-double\" style=\"border-color:#e0dede;border-top-width:1px;border-bottom-width:1px;\"><\/div><\/div><div class=\"fusion-separator fusion-full-width-sep\" style=\"align-self: center;margin-left: auto;margin-right: auto;width:100%;\"><div class=\"fusion-separator-border sep-double\" style=\"border-color:#e0dede;border-top-width:1px;border-bottom-width:1px;\"><\/div><\/div><div class=\"fusion-text fusion-text-4\" style=\"transform:translate3d(0,0,0);\"><table>\n<tbody>\n<tr>\n<td>\n<h2><strong>LINE DANCE \u2013 Iniziano i corsi a Maria Heim<\/strong><\/h2>\n<p><strong>Con fine agosto\/inizio settembre ricominceranno a Bolzano i corsi di line dance per principianti e avanzati. All&#8217;interno delle mura storiche di Maria Heim (via Novacella 5), batteremo mani e piedi e balleremo accompagnati dalle bellissime canzoni country e western. I principianti impareranno le tecniche di base di questa amata danza popolare americana, mentre i ballerini avanzati impareranno nuove coreografie per poi scambiarsi con altri ballerini dello line dance. Tutti gli interessati sono invitati a partecipare. <\/strong><\/td>\n<\/tr>\n<\/tbody>\n<\/table>\n<p><strong>Per ulteriori informazioni e per iscriversi, la responsabile del ballo Helga Runggaldier pu\u00f2 essere contattata al numero di cellulare 347 7511 592.<\/strong><\/p>\n<\/div><div class=\"fusion-separator fusion-full-width-sep\" style=\"align-self: center;margin-left: auto;margin-right: auto;width:100%;\"><div class=\"fusion-separator-border sep-double\" style=\"border-color:#e0dede;border-top-width:1px;border-bottom-width:1px;\"><\/div><\/div><style type=\"text\/css\">.fusion-gallery-2 .fusion-gallery-image {border:0px solid #f6f6f6;}<\/style><div class=\"fusion-gallery fusion-gallery-container fusion-grid-6 fusion-columns-total-5 fusion-gallery-layout-grid fusion-gallery-2\" style=\"margin:-5px;\"><div style=\"padding:5px;\" class=\"fusion-grid-column fusion-gallery-column fusion-gallery-column-6 hover-type-zoomin\"><div class=\"fusion-gallery-image\"><a rel=\"noreferrer\" data-rel=\"iLightbox[gallery_image_2]\" class=\"fusion-lightbox\" target=\"_self\"><img decoding=\"async\" src=\"\" width=\"\" height=\"\" alt=\"\" title=\"\" aria-label=\"\" class=\"img-responsive wp-image-3554 fusion-gallery-image-size-fixed\" \/><\/a><\/div><\/div><div style=\"padding:5px;\" class=\"fusion-grid-column fusion-gallery-column fusion-gallery-column-6 hover-type-zoomin\"><div class=\"fusion-gallery-image\"><a rel=\"noreferrer\" data-rel=\"iLightbox[gallery_image_2]\" class=\"fusion-lightbox\" target=\"_self\"><img decoding=\"async\" src=\"\" width=\"\" height=\"\" alt=\"\" title=\"\" aria-label=\"\" class=\"img-responsive wp-image-3552 fusion-gallery-image-size-fixed\" \/><\/a><\/div><\/div><div style=\"padding:5px;\" class=\"fusion-grid-column fusion-gallery-column fusion-gallery-column-6 hover-type-zoomin\"><div class=\"fusion-gallery-image\"><a rel=\"noreferrer\" data-rel=\"iLightbox[gallery_image_2]\" class=\"fusion-lightbox\" target=\"_self\"><img decoding=\"async\" src=\"\" width=\"\" height=\"\" alt=\"\" title=\"\" aria-label=\"\" class=\"img-responsive wp-image-3550 fusion-gallery-image-size-fixed\" \/><\/a><\/div><\/div><div style=\"padding:5px;\" class=\"fusion-grid-column fusion-gallery-column fusion-gallery-column-6 hover-type-zoomin\"><div class=\"fusion-gallery-image\"><a rel=\"noreferrer\" data-rel=\"iLightbox[gallery_image_2]\" class=\"fusion-lightbox\" target=\"_self\"><img decoding=\"async\" src=\"\" width=\"\" height=\"\" alt=\"\" title=\"\" aria-label=\"\" class=\"img-responsive wp-image-3548 fusion-gallery-image-size-fixed\" \/><\/a><\/div><\/div><div class=\"clearfix\"><\/div><div style=\"padding:5px;\" class=\"fusion-grid-column fusion-gallery-column fusion-gallery-column-6 hover-type-zoomin\"><div class=\"fusion-gallery-image\"><a rel=\"noreferrer\" data-rel=\"iLightbox[gallery_image_2]\" class=\"fusion-lightbox\" target=\"_self\"><img decoding=\"async\" src=\"\" width=\"\" height=\"\" alt=\"\" title=\"\" aria-label=\"\" class=\"img-responsive wp-image-3546 fusion-gallery-image-size-fixed\" \/><\/a><\/div><\/div><\/div><\/div><\/div><style type=\"text\/css\">.fusion-body .fusion-builder-column-3{width:100% !important;margin-top : 0px;margin-bottom : 20px;}.fusion-builder-column-3 > .fusion-column-wrapper {padding-top : 0px !important;padding-right : 0px !important;margin-right : 1.92%;padding-bottom : 0px !important;padding-left : 0px !important;margin-left : 1.92%;}@media only screen and (max-width:1024px) {.fusion-body .fusion-builder-column-3{width:100% !important;order : 0;}.fusion-builder-column-3 > .fusion-column-wrapper {margin-right : 1.92%;margin-left : 1.92%;}}@media only screen and (max-width:640px) {.fusion-body .fusion-builder-column-3{width:100% !important;order : 0;}.fusion-builder-column-3 > .fusion-column-wrapper {margin-right : 1.92%;margin-left : 1.92%;}}<\/style><\/div><style type=\"text\/css\">.fusion-body .fusion-flex-container.fusion-builder-row-4{ padding-top : 0px;margin-top : 0px;padding-right : 0px;padding-bottom : 0px;margin-bottom : 0px;padding-left : 0px;}<\/style><\/div><div class=\"fusion-fullwidth fullwidth-box fusion-builder-row-5 fusion-flex-container nonhundred-percent-fullwidth non-hundred-percent-height-scrolling\" style=\"background-color: rgba(255,255,255,0);background-position: center center;background-repeat: no-repeat;border-width: 0px 0px 0px 0px;border-color:#eae9e9;border-style:solid;\" ><div class=\"fusion-builder-row fusion-row fusion-flex-align-items-flex-start\" style=\"max-width:1144px;margin-left: calc(-4% \/ 2 );margin-right: calc(-4% \/ 2 );\"><div class=\"fusion-layout-column fusion_builder_column fusion-builder-column-4 fusion_builder_column_1_1 1_1 fusion-flex-column\"><div class=\"fusion-column-wrapper fusion-flex-justify-content-flex-start fusion-content-layout-column\" style=\"background-position:left top;background-repeat:no-repeat;-webkit-background-size:cover;-moz-background-size:cover;-o-background-size:cover;background-size:cover;padding: 0px 0px 0px 0px;\"><div class=\"fusion-separator fusion-full-width-sep\" style=\"align-self: center;margin-left: auto;margin-right: auto;width:100%;\"><div class=\"fusion-separator-border sep-double\" style=\"border-color:#e0dede;border-top-width:1px;border-bottom-width:1px;\"><\/div><\/div><\/div><\/div><style type=\"text\/css\">.fusion-body .fusion-builder-column-4{width:100% !important;margin-top : 0px;margin-bottom : 20px;}.fusion-builder-column-4 > .fusion-column-wrapper {padding-top : 0px !important;padding-right : 0px !important;margin-right : 1.92%;padding-bottom : 0px !important;padding-left : 0px !important;margin-left : 1.92%;}@media only screen and (max-width:1024px) {.fusion-body .fusion-builder-column-4{width:100% !important;order : 0;}.fusion-builder-column-4 > .fusion-column-wrapper {margin-right : 1.92%;margin-left : 1.92%;}}@media only screen and (max-width:640px) {.fusion-body .fusion-builder-column-4{width:100% !important;order : 0;}.fusion-builder-column-4 > .fusion-column-wrapper {margin-right : 1.92%;margin-left : 1.92%;}}<\/style><\/div><style type=\"text\/css\">.fusion-body .fusion-flex-container.fusion-builder-row-5{ padding-top : 0px;margin-top : 0px;padding-right : 0px;padding-bottom : 0px;margin-bottom : 0px;padding-left : 0px;}<\/style><\/div><\/p>\n","protected":false},"excerpt":{"rendered":"","protected":false},"author":2,"featured_media":0,"parent":0,"menu_order":0,"comment_status":"closed","ping_status":"closed","template":"","meta":{"footnotes":""},"_links":{"self":[{"href":"https:\/\/www.mariaheim.org\/it\/wp-json\/wp\/v2\/pages\/669"}],"collection":[{"href":"https:\/\/www.mariaheim.org\/it\/wp-json\/wp\/v2\/pages"}],"about":[{"href":"https:\/\/www.mariaheim.org\/it\/wp-json\/wp\/v2\/types\/page"}],"author":[{"embeddable":true,"href":"https:\/\/www.mariaheim.org\/it\/wp-json\/wp\/v2\/users\/2"}],"replies":[{"embeddable":true,"href":"https:\/\/www.mariaheim.org\/it\/wp-json\/wp\/v2\/comments?post=669"}],"version-history":[{"count":151,"href":"https:\/\/www.mariaheim.org\/it\/wp-json\/wp\/v2\/pages\/669\/revisions"}],"predecessor-version":[{"id":4018,"href":"https:\/\/www.mariaheim.org\/it\/wp-json\/wp\/v2\/pages\/669\/revisions\/4018"}],"wp:attachment":[{"href":"https:\/\/www.mariaheim.org\/it\/wp-json\/wp\/v2\/media?parent=669"}],"curies":[{"name":"wp","href":"https:\/\/api.w.org\/{rel}","templated":true}]}}